{"id":2277,"date":"2023-06-29T16:47:27","date_gmt":"2023-06-29T14:47:27","guid":{"rendered":"https:\/\/extranet.infocpam.fr\/partenaires\/?post_type=product&#038;p=2277"},"modified":"2025-08-27T11:15:17","modified_gmt":"2025-08-27T09:15:17","slug":"affiche-compte-ameli-avec-le-compte-ameli-ca-va-vite-pas-comme-lui","status":"publish","type":"product","link":"https:\/\/extranet.infocpam.fr\/partenaires\/produit\/affiche-compte-ameli-avec-le-compte-ameli-ca-va-vite-pas-comme-lui\/","title":{"rendered":"Affiche compte ameli &#8211; Avec le compte ameli, \u00e7a va vite, pas comme lui !"},"content":{"rendered":"<p>En Bourgogne-Franche-Comt\u00e9, 95\u00a0% des d\u00e9marches avec l\u2019Assurance Maladie passent par le compte ameli. Cela repr\u00e9sente 23 millions de d\u00e9marches en 2022, ce qui en fait le premier canal de contact entre les assur\u00e9s et les CPAM. Pour maintenir et d\u00e9velopper cet usage du compte ameli, les caisses d\u2019Assurance Maladie de la r\u00e9gion lancent une <strong>campagne de communication in\u00e9dite et d\u00e9cal\u00e9e<\/strong>\u00a0!<\/p>\n<p>&nbsp;<\/p>\n<p><a href=\"https:\/\/extranet.infocpam.fr\/partenaires\/wp-content\/uploads\/2023\/06\/11664_A3_escargot_HD.pdf\">Voir l&rsquo;affiche escargot<\/a>, pdf 1569 ko<\/p>\n","protected":false},"excerpt":{"rendered":"<p>En Bourgogne-Franche-Comt\u00e9, 95\u00a0% des d\u00e9marches avec l\u2019Assurance Maladie passent par le compte ameli. Cela repr\u00e9sente &hellip; <\/p>\n","protected":false},"featured_media":2274,"template":"","meta":{"om_disable_all_campaigns":false,"_monsterinsights_skip_tracking":false,"_monsterinsights_sitenote_active":false,"_monsterinsights_sitenote_note":"","_monsterinsights_sitenote_category":0},"product_brand":[],"product_cat":[23,21,20],"product_tag":[40,56,50],"class_list":{"0":"post-2277","1":"product","2":"type-product","3":"status-publish","4":"has-post-thumbnail","6":"product_cat-a3","7":"product_cat-a4","8":"product_cat-affiches","9":"product_tag-ameli","10":"product_tag-compte-ameli","11":"product_tag-services-cpam","13":"first","14":"onbackorder","15":"shipping-taxable","16":"purchasable","17":"product-type-simple"},"aioseo_notices":[],"jetpack_sharing_enabled":true,"_links":{"self":[{"href":"https:\/\/extranet.infocpam.fr\/partenaires\/wp-json\/wp\/v2\/product\/2277","targetHints":{"allow":["GET"]}}],"collection":[{"href":"https:\/\/extranet.infocpam.fr\/partenaires\/wp-json\/wp\/v2\/product"}],"about":[{"href":"https:\/\/extranet.infocpam.fr\/partenaires\/wp-json\/wp\/v2\/types\/product"}],"wp:featuredmedia":[{"embeddable":true,"href":"https:\/\/extranet.infocpam.fr\/partenaires\/wp-json\/wp\/v2\/media\/2274"}],"wp:attachment":[{"href":"https:\/\/extranet.infocpam.fr\/partenaires\/wp-json\/wp\/v2\/media?parent=2277"}],"wp:term":[{"taxonomy":"product_brand","embeddable":true,"href":"https:\/\/extranet.infocpam.fr\/partenaires\/wp-json\/wp\/v2\/product_brand?post=2277"},{"taxonomy":"product_cat","embeddable":true,"href":"https:\/\/extranet.infocpam.fr\/partenaires\/wp-json\/wp\/v2\/product_cat?post=2277"},{"taxonomy":"product_tag","embeddable":true,"href":"https:\/\/extranet.infocpam.fr\/partenaires\/wp-json\/wp\/v2\/product_tag?post=2277"}],"curies":[{"name":"wp","href":"https:\/\/api.w.org\/{rel}","templated":true}]}}